{"id":622,"date":"2022-07-15T13:10:35","date_gmt":"2022-07-15T11:10:35","guid":{"rendered":"https:\/\/piramowicz.pl\/?page_id=622"},"modified":"2022-10-09T10:39:15","modified_gmt":"2022-10-09T08:39:15","slug":"historia-szkoly","status":"publish","type":"page","link":"https:\/\/piramowicz.pl\/index.php\/historia-szkoly\/","title":{"rendered":"Historia Szko\u0142y"},"content":{"rendered":"\t\t<div data-elementor-type=\"wp-page\" data-elementor-id=\"622\" class=\"elementor elementor-622\">\n\t\t\t\t\t\t<section class=\"elementor-section elementor-top-section elementor-element elementor-element-66df72d elementor-section-boxed elementor-section-height-default elementor-section-height-default\" data-id=\"66df72d\" data-element_type=\"section\" data-e-type=\"section\" data-settings=\"{&quot;background_background&quot;:&quot;classic&quot;}\">\n\t\t\t\t\t\t<div class=\"elementor-container elementor-column-gap-default\">\n\t\t\t\t\t<div class=\"elementor-column elementor-col-100 elementor-top-column elementor-element elementor-element-3f43c6d\" data-id=\"3f43c6d\" data-element_type=\"column\" data-e-type=\"column\">\n\t\t\t<div class=\"elementor-widget-wrap elementor-element-populated\">\n\t\t\t\t\t\t<div class=\"elementor-element elementor-element-5e47107 elementor-widget elementor-widget-heading\" data-id=\"5e47107\" data-element_type=\"widget\" data-e-type=\"widget\" data-widget_type=\"heading.default\">\n\t\t\t\t<div class=\"elementor-widget-container\">\n\t\t\t\t\t<h1 class=\"elementor-heading-title elementor-size-default\">Historia Szko\u0142y<\/h1>\t\t\t\t<\/div>\n\t\t\t\t<\/div>\n\t\t\t\t\t<\/div>\n\t\t<\/div>\n\t\t\t\t\t<\/div>\n\t\t<\/section>\n\t\t\t\t<section class=\"elementor-section elementor-top-section elementor-element elementor-element-3e5b787 elementor-section-boxed elementor-section-height-default elementor-section-height-default\" data-id=\"3e5b787\" data-element_type=\"section\" data-e-type=\"section\" data-settings=\"{&quot;background_background&quot;:&quot;classic&quot;}\">\n\t\t\t\t\t\t<div class=\"elementor-container elementor-column-gap-default\">\n\t\t\t\t\t<div class=\"elementor-column elementor-col-100 elementor-top-column elementor-element elementor-element-3cf5adf\" data-id=\"3cf5adf\" data-element_type=\"column\" data-e-type=\"column\">\n\t\t\t<div class=\"elementor-widget-wrap elementor-element-populated\">\n\t\t\t\t\t\t<div class=\"elementor-element elementor-element-414ff5b elementor-widget elementor-widget-text-editor\" data-id=\"414ff5b\" data-element_type=\"widget\" data-e-type=\"widget\" data-widget_type=\"text-editor.default\">\n\t\t\t\t<div class=\"elementor-widget-container\">\n\t\t\t\t\t\t\t\t\t<p>W 2022 roku mija 95 lat od powstania najstarszej szko\u0142y \u015bredniej w Augustowie &#8211; I Liceum Og\u00f3lnokszta\u0142c\u0105cego im. Grzegorza Piramowicza. Pocz\u0105tki istnienia szko\u0142y wi\u0105\u017c\u0105 si\u0119 z za\u0142o\u017ceniem Pa\u0144stwowego Seminarium Nauczycielskiego m\u0119skiego im. Grzegorza Piramowicza w Augustowie, kt\u00f3re powsta\u0142o w wyniku rozdzielenia suwalskiego PSN na m\u0119skie i \u017ce\u0144skie. Wprawdzie lokalne w\u0142adze i inteligencja ubiega\u0142y si\u0119 o powstanie szko\u0142y \u015bredniej typu gimnazjalnego, ale sta\u0142o si\u0119 inaczej. Budynek seminarium zosta\u0142 wzniesiony w ci\u0105gu roku i ju\u017c 1 pa\u017adziernika 1927 roku rozpocz\u0119\u0142o ono prac\u0119. Obowi\u0105zki dyrektora od roku 1928\/29 a\u017c do ko\u0144ca istnienia seminarium, a potem gimnazjum i liceum, tj. do roku 1939, pe\u0142ni\u0142 Witold Wo\u0142osewicz. Seminarzy\u015bci byli kszta\u0142ceni wszechstronnie. Zdobywali wiedz\u0119, umiej\u0119tno\u015bci organizatorskie, wyrabiali sprawno\u015b\u0107 fizyczn\u0105, rozwijali zdolno\u015bci muzyczne, a niekt\u00f3rzy nawet aktorskie. Szko\u0142a wychowywa\u0142a w duchu patriotycznym, a tak\u017ce religijnym. Gdy wesz\u0142a w \u017cycie ustawa o reformie szkolnictwa, rozpocz\u0105\u0142 si\u0119 proces wygasania seminarium i w to miejsce powsta\u0142o gimnazjum. Ostatni rocznik seminarzyst\u00f3w zda\u0142 matur\u0119 w czerwcu 1936 roku, za\u015b od roku szkolnego 1933\/34 powo\u0142ano w budynku seminarium Pa\u0144stwowe Gimnazjum Koedukacyjne. Po up\u0142ywie czterech lat, gdy rozpoczyna\u0142a nauk\u0119 pierwsza klasa licealna, szko\u0142a otrzyma\u0142a nazw\u0119: Pa\u0144stwowe Liceum i Gimnazjum Og\u00f3lnokszta\u0142c\u0105ce w Augustowie.<\/p>\t\t\t\t\t\t\t\t<\/div>\n\t\t\t\t<\/div>\n\t\t\t\t<div class=\"elementor-element elementor-element-46d2846 elementor-widget elementor-widget-text-editor\" data-id=\"46d2846\" data-element_type=\"widget\" data-e-type=\"widget\" data-widget_type=\"text-editor.default\">\n\t\t\t\t<div class=\"elementor-widget-container\">\n\t\t\t\t\t\t\t\t\tW dniu 1 wrze\u015bnia 1939 roku nie zabrzmia\u0142 dzwonek w murach szko\u0142y, bo cho\u0107 dzia\u0142ania wojenne omin\u0119\u0142y August\u00f3w &#8211; wszyscy wiedzieli, \u017ce wybuch\u0142a wojna. Na polecenie w\u0142adz o\u015bwiatowych nast\u0105pi\u0142a ewakuacja nauczycieli gimnazjum i&nbsp;liceum na Wile\u0144szczyzn\u0119. W dniu 22 czerwca 1941 roku gmach szkolny by\u0142 budynkiem o przeznaczeniu gospodarczym, potem mie\u015bci\u0142 si\u0119 tu Landrat (urz\u0105d pocztowy), a nast\u0119pnie faszystowska szko\u0142a Hitlerjugend. Nowi gospodarze znacznie przebudowali wn\u0119trze gmachu. Niemcy przed opuszczeniem Augustowa zaminowali budynek gimnazjum, ale nie zd\u0105\u017cyli go wysadzi\u0107. Obok opustosza\u0142ej szko\u0142y, na tarasach wyros\u0142y groby \u017co\u0142nierskie. Przywr\u00f3cenie \u017cycia szkole po wojnie by\u0142o zas\u0142ug\u0105 niestrudzonej w pracy nauczycielki Heleny Miko\u0142ajewskiej. Swe dawne stanowisko obj\u0105\u0142 te\u017c dyrektor Witold Wo\u0142osewicz. W roku 1945\/46 opr\u00f3cz gimnazjum istnia\u0142o ju\u017c liceum. W lipcu 1945 roku nowym dyrektorem szko\u0142y mianowany zosta\u0142 Franciszek Ludwi\u0144ski, kt\u00f3ry przyst\u0105pi\u0142 do pracy bezpo\u015brednio po 5-letnim pobycie w obozie koncentracyjnym w Gusen. W latach 1945-48, mimo r\u00f3\u017cnych trudno\u015bci, z kt\u00f3rymi szko\u0142a musia\u0142a si\u0119 boryka\u0107, kwit\u0142o w niej \u017cycie kulturalne. Nadawa\u0142y mu ton zespo\u0142y artystyczne, a przede wszystkim teatralny i taneczny, oba samorzutnie zorganizowane przez m\u0142odzie\u017c. Istnia\u0142y te\u017c w szkole inne organizacje: ZHP, PCK, ZWM i SP, \u017cycie szko\u0142y stopniowo wraca\u0142o do normy. Pierwsi maturzy\u015bci, w liczbie 19, otrzymali \u015bwiadectwa dojrza\u0142o\u015bci w czerwcu 1946 roku. Zgodnie z nowymi za\u0142o\u017ceniami systemu o\u015bwiatowego w roku szkolnym 1948\/49 zosta\u0142y utworzone 4-letnie licea og\u00f3lnokszta\u0142c\u0105ce, zamiast dotychczasowych 4-letnich gimnazj\u00f3w i 2-letnich lice\u00f3w. Gimnazjum augustowskie otrzyma\u0142o now\u0105 nazw\u0119: Szko\u0142a Og\u00f3lnokszta\u0142c\u0105ca Stopnia Licealnego. Dyrektorem szko\u0142y by\u0142 Ludwik Jaworski. W roku szkolnym 1949\/50 po raz pierwszy utworzono Liceum dla Doros\u0142ych. W zwi\u0105zku z&nbsp;przeniesieniem z Suwa\u0142k do Augustowa Liceum Pedagogicznego przy ul. Zwi\u0105zk\u00f3w Zawodowych 35 (obecnie ul. M\u0142y\u0144ska), zgodnie z zarz\u0105dzeniem ministra o\u015bwiaty, z dniem 1 wrze\u015bnia zosta\u0142a utworzona w Augustowie Szko\u0142a Podstawowa i Liceum Og\u00f3lnokszta\u0142c\u0105ce, tzw. 11-latka. W tej szkole znalaz\u0142a si\u0119 m\u0142odzie\u017c liceum, kt\u00f3ra nie przynios\u0142a si\u0119 do Liceum Pedagogicznego, oraz uczniowie Szk\u00f3\u0142 Podstawowych nr 1 i nr 3. Na stanowisko dyrektora szko\u0142y powo\u0142any zosta\u0142 Stefan Roman. W sierpniu 1968 roku rozpocz\u0119\u0142a si\u0119 przeprowadzka liceum do dawnego budynku szko\u0142y przy ul. 29 Listopada (obecne II LO), sk\u0105d wygasaj\u0105ce Liceum Pedagogiczne i rozpoczynaj\u0105ce dzia\u0142alno\u015b\u0107 Technikum Budowlano-Elektryczne przenios\u0142y si\u0119 do nowo wybudowanego gmachu. Przenosiny LO odbywa\u0142y si\u0119 w&nbsp;trudnych warunkach i trwa\u0142y przez ca\u0142\u0105 jesie\u0144. Przed rozpocz\u0119ciem roku szkolnego na stanowisko dyrektora liceum zosta\u0142 powo\u0142any Ryszard J\u0119drzejewski, a na stanowisko wicedyrektora &#8211; Boles\u0142aw Twarowski. Dyrektor Stefan Roman, kt\u00f3ry kierowa\u0142 prac\u0105 tej szko\u0142y, przeszed\u0142 na emerytur\u0119.\t\t\t\t\t\t\t\t<\/div>\n\t\t\t\t<\/div>\n\t\t\t\t<div class=\"elementor-element elementor-element-ceed739 elementor-widget elementor-widget-text-editor\" data-id=\"ceed739\" data-element_type=\"widget\" data-e-type=\"widget\" data-widget_type=\"text-editor.default\">\n\t\t\t\t<div class=\"elementor-widget-container\">\n\t\t\t\t\t\t\t\t\t<p>W dniu 20 pa\u017adziernika 1973 roku nast\u0105pi\u0142a niepowtarzalna uroczysto\u015b\u0107 nadania szkole imienia dzia\u0142acza Komisji Edukacji Narodowej &#8211; Grzegorza Piramowicza &#8211; i wr\u0119czenia sztandaru. Sztandar szko\u0142y, ufundowany przez spo\u0142ecze\u0144stwo Augustowa i wykonany wed\u0142ug projektu J\u00f3zefa Pawlukiewicza, przedstawiciele komitetu rodzicielskiego przekazali za po\u015brednictwem wiceministra Zygmunta Huszczy na r\u0119ce dyrektora Liceum, ten za\u015b wr\u0119czy\u0142 go przedstawicielom m\u0142odzie\u017cy.<\/p>\t\t\t\t\t\t\t\t<\/div>\n\t\t\t\t<\/div>\n\t\t\t\t<div class=\"elementor-element elementor-element-46a8375 elementor-widget elementor-widget-text-editor\" data-id=\"46a8375\" data-element_type=\"widget\" data-e-type=\"widget\" data-widget_type=\"text-editor.default\">\n\t\t\t\t<div class=\"elementor-widget-container\">\n\t\t\t\t\t\t\t\t\tOd stycznia 1975 roku zacz\u0119\u0142y si\u0119 przygotowania do kolejnych przenosin, trzecich ju\u017c w ci\u0105gu pi\u0119tnastolecia. Dyrekcja zarz\u0105dzi\u0142a wykonanie plan\u00f3w urz\u0105dzenia klas i pracowni w nowym gmachu oraz rozpocz\u0119cie prac wst\u0119pnych. W&nbsp;ko\u0144cu sierpnia 1975 roku liceum przenios\u0142o si\u0119 do nowego gmachu na osiedlu \u015ar\u00f3dmie\u015bcie 31, gdzie mie\u015bci si\u0119 do dzi\u015b. Budynek ten, wbrew ustalonym wcze\u015bniej terminom, nie by\u0142 jednak wyko\u0144czony i nie nadawa\u0142 si\u0119 od razu do prowadzenia zaj\u0119\u0107 dydaktycznych. Zgodnie z uchwa\u0142\u0105 Rady Pedagogicznej przez pierwszy tydzie\u0144 wrze\u015bnia uczniowie i nauczyciele pracowali nad przysposobieniem budynku do zaj\u0119\u0107. W dawnym gmachu liceum umieszczono Szko\u0142\u0119 Podstawow\u0105 nr 3, kt\u00f3ra kilka lat temu r\u00f3wnie\u017c przenios\u0142a si\u0119 na nowe osiedle, ust\u0119puj\u0105c miejsca nowo powo\u0142anemu do istnienia II Liceum Og\u00f3lnokszta\u0142c\u0105cemu. Na pocz\u0105tku roku szkolnego 1976\/77, po 25 latach pracy w liceum i 8 latach kierowania jego dzia\u0142alno\u015bci\u0105, odszed\u0142 do pracy w kuratorium dyr. Ryszard J\u0119drzejewski. Z&nbsp;dniem 1 wrze\u015bnia 1976r. powsta\u0142 Zesp\u00f3\u0142 Szk\u00f3\u0142 Og\u00f3lnokszta\u0142c\u0105cych, \u0142\u0105cz\u0105cy LO im. G. Piramowicza, LO dla Pracuj\u0105cych i \u015arednie Studium Zawodowe. Na stanowisko dyrektora Zespo\u0142u zosta\u0142 powo\u0142any Zdzis\u0142aw Badowski. W&nbsp;dniach 4-5 czerwca 1977 roku odby\u0142 si\u0119 jubileuszowy zjazd wychowank\u00f3w seminarium nauczycielskiego oraz gimnazjum i liceum w Augustowie. Z tej okazji ods\u0142oni\u0119to na parterze gmachu pami\u0105tkow\u0105 tablic\u0119 przypominaj\u0105c\u0105 tradycje szko\u0142y.\t\t\t\t\t\t\t\t<\/div>\n\t\t\t\t<\/div>\n\t\t\t\t<div class=\"elementor-element elementor-element-e635724 elementor-widget elementor-widget-text-editor\" data-id=\"e635724\" data-element_type=\"widget\" data-e-type=\"widget\" data-widget_type=\"text-editor.default\">\n\t\t\t\t<div class=\"elementor-widget-container\">\n\t\t\t\t\t\t\t\t\t<p>W roku szkolnym 1990\/91 stanowisko dyrektora szko\u0142y obj\u0105\u0142 Stanis\u0142aw Budnik. W grudniu 1999 roku &#8211; w wyniku wygranego konkursu &#8211; dyrektorem szko\u0142y zosta\u0142a absolwentka LO, nauczycielka WF Joanna Lisek, kt\u00f3ra pe\u0142ni t\u0119 funkcj\u0119 do chwili obecnej. Za jej kadencji obiekt szkolny znacznie zmieni\u0142 sw\u00f3j wygl\u0105d i wyposa\u017cenie. Mimo trudno\u015bci finansowych uda\u0142o si\u0119 wymieni\u0107 okna, uatrakcyjni\u0107 wystr\u00f3j pomieszcze\u0144, przystosowa\u0107 budynek dla potrzeb os\u00f3b niepe\u0142nosprawnych, wyposa\u017cy\u0107 administracj\u0119, bibliotek\u0119, pok\u00f3j nauczycielski i niekt\u00f3re pracownie w sprz\u0119t komputerowy. Powsta\u0142a nowa 16-stanowiskowa pracownia komputerowa i dodatkowa pracownia multimedialna. Od roku szkolnego 2001\/2002 uruchomiono w szkole Samorz\u0105dowe Gimnazjum Publiczne, kt\u00f3re nawi\u0105zuje do najstarszych tradycji plac\u00f3wki.<\/p>\t\t\t\t\t\t\t\t<\/div>\n\t\t\t\t<\/div>\n\t\t\t\t<div class=\"elementor-element elementor-element-e135d55 elementor-widget elementor-widget-text-editor\" data-id=\"e135d55\" data-element_type=\"widget\" data-e-type=\"widget\" data-widget_type=\"text-editor.default\">\n\t\t\t\t<div class=\"elementor-widget-container\">\n\t\t\t\t\t\t\t\t\t<p>W ci\u0105gu swego 75-lecia ta najstarsza szko\u0142a \u015brednia w Augustowie wykszta\u0142ci\u0142a tysi\u0105ce m\u0142odych ludzi, kt\u00f3rzy dzisiaj piastuj\u0105 wysokie stanowiska pa\u0144stwowe, s\u0105 wyk\u0142adowcami na wy\u017cszych uczelniach, prawnikami, in\u017cynierami, lekarzami, s\u0105 lud\u017ami nauki, kultury, biznesu. Rokrocznie opuszcza mury szko\u0142y oko\u0142o 180 absolwent\u00f3w. Prawie 100% przyst\u0119puje do egzaminu dojrza\u0142o\u015bci i oko\u0142o 97% go zdaje. Szko\u0142a od lat odnotowuje wysoki wska\u017anik przyj\u0119\u0107 na studia, liczne s\u0105 te\u017c sukcesy w konkursach i olimpiadach na szczeblu centralnym. Za udzia\u0142 w konkursach I LO by\u0142o wyr\u00f3\u017cniane w\u015br\u00f3d trzech innych szk\u00f3\u0142 na terenie by\u0142ego wojew\u00f3dztwa suwalskiego. W swej pracy dydaktyczno &#8211; wychowawczej szko\u0142a wykorzystuje dobrze przygotowan\u0105 baz\u0119: liczne pracownie przedmiotowe i du\u017c\u0105 sal\u0119 gimnastyczn\u0105 z zapleczem. M\u0142odzie\u017c kszta\u0142ci si\u0119 od lat w nast\u0119puj\u0105cych profilach nauczania: matematyczno &#8211; fizycznym, matematyczno &#8211; informatycznym, biologiczno &#8211; chemicznym, humanistycznym i og\u00f3lnym. Istniej\u0105 te\u017c grupy zaawansowane dla tych, kt\u00f3rzy uczyli si\u0119 ju\u017c j\u0119zyk\u00f3w obcych wcze\u015bniej, i klasy z rozszerzonym j\u0119zykiem angielskim. Do najstarszych tradycji szko\u0142y nawi\u0105zuje r\u00f3wnie\u017c istniej\u0105cy od kilku lat teatr szkolny RES HUMANAE.<\/p>\t\t\t\t\t\t\t\t<\/div>\n\t\t\t\t<\/div>\n\t\t\t\t<div class=\"elementor-element elementor-element-a27b17e elementor-widget elementor-widget-text-editor\" data-id=\"a27b17e\" data-element_type=\"widget\" data-e-type=\"widget\" data-widget_type=\"text-editor.default\">\n\t\t\t\t<div class=\"elementor-widget-container\">\n\t\t\t\t\t\t\t\t\t<p>Opracowa\u0142: Tomasz Bendig (na podstawie Kroniki Szkolnej)<\/p>\t\t\t\t\t\t\t\t<\/div>\n\t\t\t\t<\/div>\n\t\t\t\t\t<\/div>\n\t\t<\/div>\n\t\t\t\t\t<\/div>\n\t\t<\/section>\n\t\t\t\t<section class=\"elementor-section elementor-top-section elementor-element elementor-element-e8ccef9 elementor-section-boxed elementor-section-height-default elementor-section-height-default\" data-id=\"e8ccef9\" data-element_type=\"section\" data-e-type=\"section\" data-settings=\"{&quot;background_background&quot;:&quot;classic&quot;}\">\n\t\t\t\t\t\t<div class=\"elementor-container elementor-column-gap-default\">\n\t\t\t\t\t<div class=\"elementor-column elementor-col-100 elementor-top-column elementor-element elementor-element-505f3b8\" data-id=\"505f3b8\" data-element_type=\"column\" data-e-type=\"column\">\n\t\t\t<div class=\"elementor-widget-wrap elementor-element-populated\">\n\t\t\t\t\t\t<div class=\"elementor-element elementor-element-cb52ba6 elementor-widget elementor-widget-text-editor\" data-id=\"cb52ba6\" data-element_type=\"widget\" data-e-type=\"widget\" data-widget_type=\"text-editor.default\">\n\t\t\t\t<div class=\"elementor-widget-container\">\n\t\t\t\t\t\t\t\t\t<p><strong>Uzupe\u0142nieniem powy\u017cszego opracowania s\u0105 do\u0142\u0105czone poni\u017cej dokumenty<\/strong><\/p>\t\t\t\t\t\t\t\t<\/div>\n\t\t\t\t<\/div>\n\t\t\t\t<div class=\"elementor-element elementor-element-e59baeb elementor-widget elementor-widget-text-editor\" data-id=\"e59baeb\" data-element_type=\"widget\" data-e-type=\"widget\" data-widget_type=\"text-editor.default\">\n\t\t\t\t<div class=\"elementor-widget-container\">\n\t\t\t\t\t\t\t\t\t<p><strong><a href=\"https:\/\/piramowicz.pl\/wp-content\/uploads\/2022\/07\/dziejeZSO1927-1945.pdf\" target=\"_blank\" rel=\"noopener\">Dzieje szko\u0142y 1927-1945<\/a><\/strong><\/p>\t\t\t\t\t\t\t\t<\/div>\n\t\t\t\t<\/div>\n\t\t\t\t<div class=\"elementor-element elementor-element-12b7c54 elementor-widget elementor-widget-text-editor\" data-id=\"12b7c54\" data-element_type=\"widget\" data-e-type=\"widget\" data-widget_type=\"text-editor.default\">\n\t\t\t\t<div class=\"elementor-widget-container\">\n\t\t\t\t\t\t\t\t\t<p><strong style=\"font-style: inherit;\"><a href=\"https:\/\/piramowicz.pl\/wp-content\/uploads\/2022\/10\/dyrektorzy.pdf\" target=\"_blank\" rel=\"noopener\">Dyrektorzy<\/a><\/strong><\/p>\t\t\t\t\t\t\t\t<\/div>\n\t\t\t\t<\/div>\n\t\t\t\t<div class=\"elementor-element elementor-element-72e49d0 elementor-widget elementor-widget-text-editor\" data-id=\"72e49d0\" data-element_type=\"widget\" data-e-type=\"widget\" data-widget_type=\"text-editor.default\">\n\t\t\t\t<div class=\"elementor-widget-container\">\n\t\t\t\t\t\t\t\t\t<p><a href=\"https:\/\/piramowicz.pl\/wp-content\/uploads\/2022\/10\/kalendarium.pdf\" target=\"_blank\" rel=\"noopener\"><strong style=\"font-style: inherit;\">Kalendarium wydarze\u0144 1945-2022<\/strong><\/a><\/p>\t\t\t\t\t\t\t\t<\/div>\n\t\t\t\t<\/div>\n\t\t\t\t\t<\/div>\n\t\t<\/div>\n\t\t\t\t\t<\/div>\n\t\t<\/section>\n\t\t\t\t<\/div>\n\t\t","protected":false},"excerpt":{"rendered":"<p>Historia Szko\u0142y W 2022 roku mija 95 lat od powstania najstarszej szko\u0142y \u015bredniej w Augustowie &#8211; I Liceum Og\u00f3lnokszta\u0142c\u0105cego im. Grzegorza Piramowicza. Pocz\u0105tki istnienia szko\u0142y wi\u0105\u017c\u0105 si\u0119 z za\u0142o\u017ceniem Pa\u0144stwowego Seminarium Nauczycielskiego m\u0119skiego im. Grzegorza Piramowicza w Augustowie, kt\u00f3re powsta\u0142o w wyniku rozdzielenia suwalskiego PSN na m\u0119skie i \u017ce\u0144skie. Wprawdzie lokalne w\u0142adze i inteligencja ubiega\u0142y [&hellip;]<\/p>\n","protected":false},"author":2,"featured_media":0,"parent":0,"menu_order":0,"comment_status":"closed","ping_status":"closed","template":"","meta":{"site-sidebar-layout":"no-sidebar","site-content-layout":"page-builder","ast-site-content-layout":"default","site-content-style":"default","site-sidebar-style":"default","ast-global-header-display":"","ast-banner-title-visibility":"","ast-main-header-display":"","ast-hfb-above-header-display":"","ast-hfb-below-header-display":"","ast-hfb-mobile-header-display":"","site-post-title":"disabled","ast-breadcrumbs-content":"","ast-featured-img":"disabled","footer-sml-layout":"","ast-disable-related-posts":"","theme-transparent-header-meta":"enabled","adv-header-id-meta":"","stick-header-meta":"","header-above-stick-meta":"","header-main-stick-meta":"","header-below-stick-meta":"","astra-migrate-meta-layouts":"default","ast-page-background-enabled":"default","ast-page-background-meta":{"desktop":{"background-color":"","background-image":"","background-repeat":"repeat","background-position":"center center","background-size":"auto","background-attachment":"scroll","background-type":"","background-media":"","overlay-type":"","overlay-color":"","overlay-opacity":"","overlay-gradient":""},"tablet":{"background-color":"","background-image":"","background-repeat":"repeat","background-position":"center center","background-size":"auto","background-attachment":"scroll","background-type":"","background-media":"","overlay-type":"","overlay-color":"","overlay-opacity":"","overlay-gradient":""},"mobile":{"background-color":"","background-image":"","background-repeat":"repeat","background-position":"center center","background-size":"auto","background-attachment":"scroll","background-type":"","background-media":"","overlay-type":"","overlay-color":"","overlay-opacity":"","overlay-gradient":""}},"ast-content-background-meta":{"desktop":{"background-color":"var(--ast-global-color-5)","background-image":"","background-repeat":"repeat","background-position":"center center","background-size":"auto","background-attachment":"scroll","background-type":"","background-media":"","overlay-type":"","overlay-color":"","overlay-opacity":"","overlay-gradient":""},"tablet":{"background-color":"var(--ast-global-color-5)","background-image":"","background-repeat":"repeat","background-position":"center center","background-size":"auto","background-attachment":"scroll","background-type":"","background-media":"","overlay-type":"","overlay-color":"","overlay-opacity":"","overlay-gradient":""},"mobile":{"background-color":"var(--ast-global-color-5)","background-image":"","background-repeat":"repeat","background-position":"center center","background-size":"auto","background-attachment":"scroll","background-type":"","background-media":"","overlay-type":"","overlay-color":"","overlay-opacity":"","overlay-gradient":""}},"footnotes":""},"folder":[],"class_list":["post-622","page","type-page","status-publish","hentry"],"_links":{"self":[{"href":"https:\/\/piramowicz.pl\/index.php\/wp-json\/wp\/v2\/pages\/622","targetHints":{"allow":["GET"]}}],"collection":[{"href":"https:\/\/piramowicz.pl\/index.php\/wp-json\/wp\/v2\/pages"}],"about":[{"href":"https:\/\/piramowicz.pl\/index.php\/wp-json\/wp\/v2\/types\/page"}],"author":[{"embeddable":true,"href":"https:\/\/piramowicz.pl\/index.php\/wp-json\/wp\/v2\/users\/2"}],"replies":[{"embeddable":true,"href":"https:\/\/piramowicz.pl\/index.php\/wp-json\/wp\/v2\/comments?post=622"}],"version-history":[{"count":53,"href":"https:\/\/piramowicz.pl\/index.php\/wp-json\/wp\/v2\/pages\/622\/revisions"}],"predecessor-version":[{"id":1280,"href":"https:\/\/piramowicz.pl\/index.php\/wp-json\/wp\/v2\/pages\/622\/revisions\/1280"}],"wp:attachment":[{"href":"https:\/\/piramowicz.pl\/index.php\/wp-json\/wp\/v2\/media?parent=622"}],"wp:term":[{"taxonomy":"folder","embeddable":true,"href":"https:\/\/piramowicz.pl\/index.php\/wp-json\/wp\/v2\/folder?post=622"}],"curies":[{"name":"wp","href":"https:\/\/api.w.org\/{rel}","templated":true}]}}